{"id":8,"date":"2020-09-20T20:03:28","date_gmt":"2020-09-20T18:03:28","guid":{"rendered":"http:\/\/snudifo34.fr\/?page_id=8"},"modified":"2023-03-15T13:04:57","modified_gmt":"2023-03-15T12:04:57","slug":"accueil","status":"publish","type":"page","link":"https:\/\/snudifo34.fr\/","title":{"rendered":"Accueil"},"content":{"rendered":"\n<div class=\"wp-block-group\"><div class=\"wp-block-group__inner-container is-layout-flow wp-block-group-is-layout-flow\"><\/div><\/div>\n\n\n<ul class=\"wp-block-latest-posts__list alignleft wp-block-latest-posts is-layout-flow wp-block-latest-posts-is-layout-flow\"><li><a class=\"wp-block-latest-posts__post-title\" href=\"https:\/\/snudifo34.fr\/index.php\/2026\/09\/05\/rentree-2026-soutien-aux-personnels-mobilises-pour-leurs-revendications\/\">Rentr\u00e9e 2026 : soutien aux personnels mobilis\u00e9s pour leurs revendications !<\/a><div class=\"wp-block-latest-posts__post-excerpt\">Les mobilisations qui se sont multipli\u00e9es dans tout le pays jusqu\u2019au mois de juillet, le plus souvent avec les parents, les jeunes, pour d\u00e9fendre les <a class=\"mh-excerpt-more\" href=\"https:\/\/snudifo34.fr\/index.php\/2026\/09\/05\/rentree-2026-soutien-aux-personnels-mobilises-pour-leurs-revendications\/\" title=\"Rentr\u00e9e 2026 : soutien aux personnels mobilis\u00e9s pour leurs revendications !\">[&#8230;]<\/a><\/div><\/li>\n<li><a class=\"wp-block-latest-posts__post-title\" href=\"https:\/\/snudifo34.fr\/index.php\/2026\/09\/05\/36-milliards-de-pour-la-guerre-et-10-millions-de-pour-proteger-les-ecoles-face-a-la-canicule\/\">36 milliards d\u2019\u20ac pour la guerre et \u202610 millions d\u2019\u20ac pour prot\u00e9ger les \u00e9coles face \u00e0 la canicule !<\/a><div class=\"wp-block-latest-posts__post-excerpt\">Chaque ann\u00e9e les vagues de canicule se font plus intenses, les personnels et les \u00e9l\u00e8ves sont soumis \u00e0 des situations insoutenables dans leurs \u00e9coles, au <a class=\"mh-excerpt-more\" href=\"https:\/\/snudifo34.fr\/index.php\/2026\/09\/05\/36-milliards-de-pour-la-guerre-et-10-millions-de-pour-proteger-les-ecoles-face-a-la-canicule\/\" title=\"36 milliards d\u2019\u20ac pour la guerre et \u202610 millions d\u2019\u20ac pour prot\u00e9ger les \u00e9coles face \u00e0 la canicule !\">[&#8230;]<\/a><\/div><\/li>\n<li><a class=\"wp-block-latest-posts__post-title\" href=\"https:\/\/snudifo34.fr\/index.php\/2026\/09\/05\/pour-les-salaires-des-agent%e2%8b%85es-pour-les-services-publics-pour-des-choix-budgetaires-favorables-a-la-fonction-publique-en-greve-et-en-manifestation-le-29-septembre\/\">Pour les salaires des agent\u22c5es, pour les services publics, pour des choix budg\u00e9taires favorables \u00e0 la fonction publique : en gr\u00e8ve et en manifestation le 29 septembre !<\/a><div class=\"wp-block-latest-posts__post-excerpt\">Les organisations syndicales de la fonction publique CGT, FO, CFDT, UNSA, FSU, Solidaires, CFE-CGC, FA-FP appellent \u00e0 la mobilisation des personnels de la fonction publique <a class=\"mh-excerpt-more\" href=\"https:\/\/snudifo34.fr\/index.php\/2026\/09\/05\/pour-les-salaires-des-agent%e2%8b%85es-pour-les-services-publics-pour-des-choix-budgetaires-favorables-a-la-fonction-publique-en-greve-et-en-manifestation-le-29-septembre\/\" title=\"Pour les salaires des agent\u22c5es, pour les services publics, pour des choix budg\u00e9taires favorables \u00e0 la fonction publique : en gr\u00e8ve et en manifestation le 29 septembre !\">[&#8230;]<\/a><\/div><\/li>\n<li><a class=\"wp-block-latest-posts__post-title\" href=\"https:\/\/snudifo34.fr\/index.php\/2026\/09\/05\/temps-partiel-therapeutique-des-changements-a-connaitre-des-droits-a-defendre-fo-explique\/\">Temps Partiel Th\u00e9rapeutique : des changements \u00e0 conna\u00eetre, des droits \u00e0 d\u00e9fendre &#8211; FO explique<\/a><div class=\"wp-block-latest-posts__post-excerpt\">Le d\u00e9cret relatif aux cong\u00e9s pour raisons de sant\u00e9 modifie la proc\u00e9dure du temps partielth\u00e9rapeutique. La FGF-FO le rappelle fermement : le TPT n&rsquo;est pas <a class=\"mh-excerpt-more\" href=\"https:\/\/snudifo34.fr\/index.php\/2026\/09\/05\/temps-partiel-therapeutique-des-changements-a-connaitre-des-droits-a-defendre-fo-explique\/\" title=\"Temps Partiel Th\u00e9rapeutique : des changements \u00e0 conna\u00eetre, des droits \u00e0 d\u00e9fendre &#8211; FO explique\">[&#8230;]<\/a><\/div><\/li>\n<li><a class=\"wp-block-latest-posts__post-title\" href=\"https:\/\/snudifo34.fr\/index.php\/2026\/09\/05\/aesh-non-au-tassement-de-la-grille-satisfaction-des-revendications\/\">AESH : NON au tassement de la grille! Satisfaction des revendications!<\/a><div class=\"wp-block-latest-posts__post-excerpt\">Avec la revalorisation du SMIC en juillet, les AESH sont \u00e0 nouveau victimes d\u2019un tassement de leur grille et la course aux indemnit\u00e9s diff\u00e9rentielles reprend <a class=\"mh-excerpt-more\" href=\"https:\/\/snudifo34.fr\/index.php\/2026\/09\/05\/aesh-non-au-tassement-de-la-grille-satisfaction-des-revendications\/\" title=\"AESH : NON au tassement de la grille! Satisfaction des revendications!\">[&#8230;]<\/a><\/div><\/li>\n<li><a class=\"wp-block-latest-posts__post-title\" href=\"https:\/\/snudifo34.fr\/index.php\/2026\/09\/05\/rassemblement-mercredi-16-septembre-a-14h-devant-le-ministere-pour-le-recrutement-immediat-de-tous-les-candidats-inscrits-sur-les-listes-complementaires\/\">Rassemblement mercredi 16 septembre \u00e0 14h devant le minist\u00e8re pour le recrutement imm\u00e9diat de tous les candidats inscrits sur les listes compl\u00e9mentaires !<\/a><div class=\"wp-block-latest-posts__post-excerpt\">La rentr\u00e9e scolaire est plac\u00e9e sous le signe des suppressions de postes d\u00e9cid\u00e9es dans le cadre du budget Macron-Lecornu : partout les classes ferment, les <a class=\"mh-excerpt-more\" href=\"https:\/\/snudifo34.fr\/index.php\/2026\/09\/05\/rassemblement-mercredi-16-septembre-a-14h-devant-le-ministere-pour-le-recrutement-immediat-de-tous-les-candidats-inscrits-sur-les-listes-complementaires\/\" title=\"Rassemblement mercredi 16 septembre \u00e0 14h devant le minist\u00e8re pour le recrutement imm\u00e9diat de tous les candidats inscrits sur les listes compl\u00e9mentaires !\">[&#8230;]<\/a><\/div><\/li>\n<li><a class=\"wp-block-latest-posts__post-title\" href=\"https:\/\/snudifo34.fr\/index.php\/2026\/09\/05\/pour-une-scolarisation-adaptee-aux-besoins-de-chaque-eleve-mobilisons-nous-sans-attendre\/\">Pour une scolarisation adapt\u00e9e aux besoins de chaque \u00e9l\u00e8ve, MOBILISONS-NOUS SANS ATTENDRE !<\/a><div class=\"wp-block-latest-posts__post-excerpt\">L\u2019Union F\u00e9d\u00e9rale de l\u2019Action sociale CGT et F\u00e9d\u00e9ration Nationale Action Sociale FO repr\u00e9sentent les professionnels prenant en charge les enfants pouvant b\u00e9n\u00e9ficier d\u2019une inclusion sur <a class=\"mh-excerpt-more\" href=\"https:\/\/snudifo34.fr\/index.php\/2026\/09\/05\/pour-une-scolarisation-adaptee-aux-besoins-de-chaque-eleve-mobilisons-nous-sans-attendre\/\" title=\"Pour une scolarisation adapt\u00e9e aux besoins de chaque \u00e9l\u00e8ve, MOBILISONS-NOUS SANS ATTENDRE !\">[&#8230;]<\/a><\/div><\/li>\n<li><div class=\"wp-block-latest-posts__featured-image\"><img loading=\"lazy\" decoding=\"async\" width=\"678\" height=\"157\" src=\"https:\/\/snudifo34.fr\/wp-content\/uploads\/2023\/02\/ENTETE-CR-CSA-Carte-scolaire.jpg\" class=\"attachment-large size-large wp-post-image\" alt=\"\" style=\"\" srcset=\"https:\/\/snudifo34.fr\/wp-content\/uploads\/2023\/02\/ENTETE-CR-CSA-Carte-scolaire.jpg 678w, https:\/\/snudifo34.fr\/wp-content\/uploads\/2023\/02\/ENTETE-CR-CSA-Carte-scolaire-300x69.jpg 300w\" sizes=\"auto, (max-width: 678px) 100vw, 678px\" \/><\/div><a class=\"wp-block-latest-posts__post-title\" href=\"https:\/\/snudifo34.fr\/index.php\/2026\/09\/04\/csa-departemental-ajustements-de-carte-scolaire-et-bilan-ecole-inclusive-declaration-et-compte-rendu\/\">CSA d\u00e9partemental ajustements de carte scolaire et bilan \u00e9cole inclusive: d\u00e9claration et compte rendu du 4 septembre<\/a><div class=\"wp-block-latest-posts__post-excerpt\">Malgr\u00e9 3 annulations de fermetures et 1 poste ouvert pour l&rsquo;aide \u00e0 la direction, ce CSA ne nous fait pas oublier toutes les classes ferm\u00e9es, <a class=\"mh-excerpt-more\" href=\"https:\/\/snudifo34.fr\/index.php\/2026\/09\/04\/csa-departemental-ajustements-de-carte-scolaire-et-bilan-ecole-inclusive-declaration-et-compte-rendu\/\" title=\"CSA d\u00e9partemental ajustements de carte scolaire et bilan \u00e9cole inclusive: d\u00e9claration et compte rendu du 4 septembre\">[&#8230;]<\/a><\/div><\/li>\n<li><a class=\"wp-block-latest-posts__post-title\" href=\"https:\/\/snudifo34.fr\/index.php\/2026\/09\/03\/appel-intersyndical-fonction-publique-a-la-greve-le-29-septembre\/\">Appel intersyndical Fonction Publique \u00e0 la gr\u00e8ve le 29 septembre<\/a><div class=\"wp-block-latest-posts__post-excerpt\">La r\u00e9ponse du gouvernement n\u2019est pas \u00e0 la hauteur de l\u2019urgence salariale, Mardi 29 septembre : mobilisons-nous pour imposer d\u2019autres choix !<\/div><\/li>\n<li><a class=\"wp-block-latest-posts__post-title\" href=\"https:\/\/snudifo34.fr\/index.php\/2026\/09\/02\/les-personnels-nacceptent-pas-les-conditions-desastreuses-de-la-rentree-scolaire\/\">Les personnels n\u2019acceptent pas les conditions d\u00e9sastreuses de la rentr\u00e9e scolaire !<\/a><div class=\"wp-block-latest-posts__post-excerpt\">Quelle est la r\u00e9alit\u00e9 de la rentr\u00e9e scolaire dans les \u00e9coles publiques ?La r\u00e9alit\u00e9, c\u2019est qu\u2019alors que 36 milliards d\u2019\u20ac suppl\u00e9mentaires sont attribu\u00e9s au budget <a class=\"mh-excerpt-more\" href=\"https:\/\/snudifo34.fr\/index.php\/2026\/09\/02\/les-personnels-nacceptent-pas-les-conditions-desastreuses-de-la-rentree-scolaire\/\" title=\"Les personnels n\u2019acceptent pas les conditions d\u00e9sastreuses de la rentr\u00e9e scolaire !\">[&#8230;]<\/a><\/div><\/li>\n<li><a class=\"wp-block-latest-posts__post-title\" href=\"https:\/\/snudifo34.fr\/index.php\/2026\/08\/29\/des-moyens-reels-pour-proteger-les-personnels-pas-de-repression-contre-les-eleves\/\">Des moyens r\u00e9els pour prot\u00e9ger les personnels, pas de r\u00e9pression contre les \u00e9l\u00e8ves !<\/a><div class=\"wp-block-latest-posts__post-excerpt\">Pour la FNEC FP-FO, l&rsquo;\u00e9cole publique a pour r\u00f4le fondamental de transmettre des savoirs et des qualifications pour tous, et non d\u2019en priver les \u00e9l\u00e8ves <a class=\"mh-excerpt-more\" href=\"https:\/\/snudifo34.fr\/index.php\/2026\/08\/29\/des-moyens-reels-pour-proteger-les-personnels-pas-de-repression-contre-les-eleves\/\" title=\"Des moyens r\u00e9els pour prot\u00e9ger les personnels, pas de r\u00e9pression contre les \u00e9l\u00e8ves !\">[&#8230;]<\/a><\/div><\/li>\n<li><a class=\"wp-block-latest-posts__post-title\" href=\"https:\/\/snudifo34.fr\/index.php\/2026\/08\/27\/faire-la-rentree-dans-ces-conditions-cest-non-2\/\">Faire la rentr\u00e9e dans ces conditions ?C\u2019EST NON !<\/a><div class=\"wp-block-latest-posts__post-excerpt\">Les personnels ont toutes les raisons d\u2019\u00eatre en col\u00e8re !Ils sont fond\u00e9s \u00e0 se r\u00e9unir et d\u00e9cider : \u00ab Pas de moyens, pas de rentr\u00e9e <a class=\"mh-excerpt-more\" href=\"https:\/\/snudifo34.fr\/index.php\/2026\/08\/27\/faire-la-rentree-dans-ces-conditions-cest-non-2\/\" title=\"Faire la rentr\u00e9e dans ces conditions ?C\u2019EST NON !\">[&#8230;]<\/a><\/div><\/li>\n<li><a class=\"wp-block-latest-posts__post-title\" href=\"https:\/\/snudifo34.fr\/index.php\/2026\/08\/27\/lettre-ouverte-au-premier-ministre-sebastien-lecornu-de-fo-fonction-publique\/\">Lettre ouverte au Premier ministre S\u00e9bastien LECORNU de FO Fonction Publique<\/a><div class=\"wp-block-latest-posts__post-excerpt\">Monsieur le Premier ministre, il ne suffit plus de saluer le courage des agents publics lorsqu\u2019ils emp\u00eachent le pays de sombrer. Il faut leur donner <a class=\"mh-excerpt-more\" href=\"https:\/\/snudifo34.fr\/index.php\/2026\/08\/27\/lettre-ouverte-au-premier-ministre-sebastien-lecornu-de-fo-fonction-publique\/\" title=\"Lettre ouverte au Premier ministre S\u00e9bastien LECORNU de FO Fonction Publique\">[&#8230;]<\/a><\/div><\/li>\n<li><a class=\"wp-block-latest-posts__post-title\" href=\"https:\/\/snudifo34.fr\/index.php\/2026\/08\/27\/cyberattaques-fuites-de-donnees-le-ministre-responsable-du-chaos-communique-compte-rendu-courriers\/\">Cyberattaques, fuites de donn\u00e9es :le ministre responsable du chaos ! communiqu\u00e9, compte rendu, courriers<\/a><div class=\"wp-block-latest-posts__post-excerpt\">La rentr\u00e9e scolaire s\u2019annon\u00e7ait d\u00e9j\u00e0 chaotique avec les milliers de suppressions de postes et de classes et la d\u00e9gradation continue des conditions de travail li\u00e9e <a class=\"mh-excerpt-more\" href=\"https:\/\/snudifo34.fr\/index.php\/2026\/08\/27\/cyberattaques-fuites-de-donnees-le-ministre-responsable-du-chaos-communique-compte-rendu-courriers\/\" title=\"Cyberattaques, fuites de donn\u00e9es :le ministre responsable du chaos ! communiqu\u00e9, compte rendu, courriers\">[&#8230;]<\/a><\/div><\/li>\n<li><div class=\"wp-block-latest-posts__featured-image\"><img loading=\"lazy\" decoding=\"async\" width=\"678\" height=\"157\" src=\"https:\/\/snudifo34.fr\/wp-content\/uploads\/2023\/03\/ENTETE-CDEN.jpg\" class=\"attachment-large size-large wp-post-image\" alt=\"\" style=\"\" srcset=\"https:\/\/snudifo34.fr\/wp-content\/uploads\/2023\/03\/ENTETE-CDEN.jpg 678w, https:\/\/snudifo34.fr\/wp-content\/uploads\/2023\/03\/ENTETE-CDEN-300x69.jpg 300w\" sizes=\"auto, (max-width: 678px) 100vw, 678px\" \/><\/div><a class=\"wp-block-latest-posts__post-title\" href=\"https:\/\/snudifo34.fr\/index.php\/2026\/08\/26\/cden-carte-scolaire-1er-degre-toutes-les-mesures-declaration-et-compte-rendu-de-la-fnec-fp-fo\/\">CDEN carte scolaire 1er degr\u00e9 : toutes les mesures, d\u00e9claration et compte rendu de la FNEC FP FO<\/a><div class=\"wp-block-latest-posts__post-excerpt\">Le 30 juin, le CDEN s&rsquo;est tenu en l&rsquo;absence de la Pr\u00e9f\u00e8te. Suite aux m\u00e9thodes inacceptables utilis\u00e9es par l&rsquo;IEN lors de la mobilisation des parents <a class=\"mh-excerpt-more\" href=\"https:\/\/snudifo34.fr\/index.php\/2026\/08\/26\/cden-carte-scolaire-1er-degre-toutes-les-mesures-declaration-et-compte-rendu-de-la-fnec-fp-fo\/\" title=\"CDEN carte scolaire 1er degr\u00e9 : toutes les mesures, d\u00e9claration et compte rendu de la FNEC FP FO\">[&#8230;]<\/a><\/div><\/li>\n<li><a class=\"wp-block-latest-posts__post-title\" href=\"https:\/\/snudifo34.fr\/index.php\/2026\/07\/29\/solidarite-incendies-en-gironde-communique-du-bureau-de-lunion-departementale-fo-33\/\">Solidarit\u00e9 incendies en Gironde: Communiqu\u00e9 du Bureau de l\u2019Union D\u00e9partementale FO 33<\/a><div class=\"wp-block-latest-posts__post-excerpt\">Pr\u00e8s de 50 000 hectares partis en fum\u00e9s, des centaines d\u2019habitations d\u00e9truites, des centaines de milliers d\u2019\u00e9vacu\u00e9s. Des sc\u00e8nes de ruines et de d\u00e9solation. Un <a class=\"mh-excerpt-more\" href=\"https:\/\/snudifo34.fr\/index.php\/2026\/07\/29\/solidarite-incendies-en-gironde-communique-du-bureau-de-lunion-departementale-fo-33\/\" title=\"Solidarit\u00e9 incendies en Gironde: Communiqu\u00e9 du Bureau de l\u2019Union D\u00e9partementale FO 33\">[&#8230;]<\/a><\/div><\/li>\n<li><a class=\"wp-block-latest-posts__post-title\" href=\"https:\/\/snudifo34.fr\/index.php\/2026\/07\/29\/appel-a-une-campagne-de-soutien-aux-deserteurs-en-europe\/\">Appel \u00e0 une campagne de soutien aux d\u00e9serteurs en Europe<\/a><div class=\"wp-block-latest-posts__post-excerpt\">Le combat contre la guerre passe aussi par le fait d\u2019aider tous ceux qui refusent d\u2019\u00eatre envoy\u00e9s \u00e0 la boucherie \u00e0 obtenir l\u2019asile politique, \u00e0 <a class=\"mh-excerpt-more\" href=\"https:\/\/snudifo34.fr\/index.php\/2026\/07\/29\/appel-a-une-campagne-de-soutien-aux-deserteurs-en-europe\/\" title=\"Appel \u00e0 une campagne de soutien aux d\u00e9serteurs en Europe\">[&#8230;]<\/a><\/div><\/li>\n<li><a class=\"wp-block-latest-posts__post-title\" href=\"https:\/\/snudifo34.fr\/index.php\/2026\/07\/29\/pour-sauver-le-dr-hussam-abou-safiya-compte-rendu-de-laudience-du-24-juillet-2026-aupres-du-ministere-des-affaires-etrangeres-a-paris\/\">POUR SAUVER LE DR HUSSAM ABOU SAFIYA Compte rendu de l\u2019audience du 24 juillet 2026 aupr\u00e8s du Minist\u00e8re des Affaires \u00e9trang\u00e8res \u00e0 Paris.<\/a><div class=\"wp-block-latest-posts__post-excerpt\">Cette audience s\u2019est tenue entre une d\u00e9l\u00e9gation de m\u00e9decins combattant pour la vie du Dr Hussam Abu Safiya retenu en otage depuis le 27 d\u00e9cembre <a class=\"mh-excerpt-more\" href=\"https:\/\/snudifo34.fr\/index.php\/2026\/07\/29\/pour-sauver-le-dr-hussam-abou-safiya-compte-rendu-de-laudience-du-24-juillet-2026-aupres-du-ministere-des-affaires-etrangeres-a-paris\/\" title=\"POUR SAUVER LE DR HUSSAM ABOU SAFIYA Compte rendu de l\u2019audience du 24 juillet 2026 aupr\u00e8s du Minist\u00e8re des Affaires \u00e9trang\u00e8res \u00e0 Paris.\">[&#8230;]<\/a><\/div><\/li>\n<li><a class=\"wp-block-latest-posts__post-title\" href=\"https:\/\/snudifo34.fr\/index.php\/2026\/07\/29\/soutien-aux-militants-et-membres-du-cnapeste-en-algerie-conseil-national-autonome-du-personnel-enseignant-de-lenseignement-secondaire-et-technique-menace-de-dissolution\/\">Soutien aux militants et membres du CNAPESTE en Alg\u00e9rie, Conseil National Autonome du Personnel Enseignant de l\u2019Enseignement Secondaire et Technique, menac\u00e9 de dissolution<\/a><div class=\"wp-block-latest-posts__post-excerpt\">Le droit de gr\u00e8ve est inscrit dans les conventions internationales de l\u2019OIT ratifi\u00e9es par l\u2019Alg\u00e9rie, et toute attaque contre son utilisation est une attaque contre <a class=\"mh-excerpt-more\" href=\"https:\/\/snudifo34.fr\/index.php\/2026\/07\/29\/soutien-aux-militants-et-membres-du-cnapeste-en-algerie-conseil-national-autonome-du-personnel-enseignant-de-lenseignement-secondaire-et-technique-menace-de-dissolution\/\" title=\"Soutien aux militants et membres du CNAPESTE en Alg\u00e9rie, Conseil National Autonome du Personnel Enseignant de l\u2019Enseignement Secondaire et Technique, menac\u00e9 de dissolution\">[&#8230;]<\/a><\/div><\/li>\n<li><a class=\"wp-block-latest-posts__post-title\" href=\"https:\/\/snudifo34.fr\/index.php\/2026\/07\/29\/doublement-du-plafond-des-franchises-medicales-une-double-peine-inacceptable-communique-confederal\/\">Doublement du plafond des franchises m\u00e9dicales : une \u00ab double peine \u00bb inacceptable ! Communiqu\u00e9 conf\u00e9d\u00e9ral<\/a><div class=\"wp-block-latest-posts__post-excerpt\">Le gouvernement choisit la p\u00e9riode estivale pour annoncer le doublement, par voie r\u00e9glementaire, du plafond annuel des franchises m\u00e9dicales. Pour FO, l\u2019acc\u00e8s aux soins ne <a class=\"mh-excerpt-more\" href=\"https:\/\/snudifo34.fr\/index.php\/2026\/07\/29\/doublement-du-plafond-des-franchises-medicales-une-double-peine-inacceptable-communique-confederal\/\" title=\"Doublement du plafond des franchises m\u00e9dicales : une \u00ab double peine \u00bb inacceptable ! Communiqu\u00e9 conf\u00e9d\u00e9ral\">[&#8230;]<\/a><\/div><\/li>\n<li><a class=\"wp-block-latest-posts__post-title\" href=\"https:\/\/snudifo34.fr\/index.php\/2026\/07\/16\/intervention-de-la-fnec-fp-fo-au-meeting-international-de-londres-le-20-juin-2026-et-compte-rendu\/\">Intervention de la FNEC FP-FO au meeting international de Londres le 20 juin 2026, et compte rendu<\/a><div class=\"wp-block-latest-posts__post-excerpt\">La FNEC FP-FO a particip\u00e9 au 2\u00e8me meeting international contre la guerre qui s\u2019esttenu \u00e0 Londres, au Central Hall de Westminster, le 20 juin, aux <a class=\"mh-excerpt-more\" href=\"https:\/\/snudifo34.fr\/index.php\/2026\/07\/16\/intervention-de-la-fnec-fp-fo-au-meeting-international-de-londres-le-20-juin-2026-et-compte-rendu\/\" title=\"Intervention de la FNEC FP-FO au meeting international de Londres le 20 juin 2026, et compte rendu\">[&#8230;]<\/a><\/div><\/li>\n<li><a class=\"wp-block-latest-posts__post-title\" href=\"https:\/\/snudifo34.fr\/index.php\/2026\/07\/16\/communique-intersyndical-fo-fsu-sud-education-et-fcpe-34-du-30-juin-2026\/\">Communiqu\u00e9 intersyndical FO, FSU Sud \u00e9ducation et FCPE 34 du 30 juin 2026<\/a><div class=\"wp-block-latest-posts__post-excerpt\">Des professeurs des \u00e9coles somm\u00e9s de donner des noms des \u00e9l\u00e8ves dont les parents refusent une fermeture de classe : o\u00f9 va-t-on ?<\/div><\/li>\n<li><a class=\"wp-block-latest-posts__post-title\" href=\"https:\/\/snudifo34.fr\/index.php\/2026\/07\/16\/prolongation-du-preavis-de-greve-a-la-rentree\/\">Prolongation du pr\u00e9avis de gr\u00e8ve \u00e0 la rentr\u00e9e<\/a><div class=\"wp-block-latest-posts__post-excerpt\">la FNEC FP-FO prolonge son pr\u00e9avis de gr\u00e8ve du 31 ao\u00fbt 2026 ausamedi 17 octobre 2026 inclus<\/div><\/li>\n<li><a class=\"wp-block-latest-posts__post-title\" href=\"https:\/\/snudifo34.fr\/index.php\/2026\/07\/16\/appel-du-meeting-de-londres\/\">Appel du meeting de Londres<\/a><div class=\"wp-block-latest-posts__post-excerpt\">NON \u00c0 LA MILITARISATION ET \u00c0 LA CONSCRIPTION DES MOYENS POUR LE BIEN-\u00caTRE, PAS POUR LA GUERRE<\/div><\/li>\n<li><a class=\"wp-block-latest-posts__post-title\" href=\"https:\/\/snudifo34.fr\/index.php\/2026\/07\/16\/economie-de-guerre-repression-et-democratie\/\">\u00c9CONOMIE de GUERRE, R\u00c9PRESSION Et D\u00c9MOCRATIE<\/a><div class=\"wp-block-latest-posts__post-excerpt\">La situation internationale, qui se r\u00e9percute, en France, dans les discours des responsables politiques ne cesse de nous pr\u00e9occuper. Les propos et postures bellicistes de <a class=\"mh-excerpt-more\" href=\"https:\/\/snudifo34.fr\/index.php\/2026\/07\/16\/economie-de-guerre-repression-et-democratie\/\" title=\"\u00c9CONOMIE de GUERRE, R\u00c9PRESSION Et D\u00c9MOCRATIE\">[&#8230;]<\/a><\/div><\/li>\n<\/ul>\n\n\n<p class=\"wp-block-paragraph\"><\/p>\n","protected":false},"excerpt":{"rendered":"<div class=\"mh-excerpt\"><\/div>","protected":false},"author":1,"featured_media":0,"parent":0,"menu_order":0,"comment_status":"closed","ping_status":"closed","template":"","meta":{"cybocfi_hide_featured_image":"","footnotes":""},"class_list":["post-8","page","type-page","status-publish","hentry"],"_links":{"self":[{"href":"https:\/\/snudifo34.fr\/index.php\/wp-json\/wp\/v2\/pages\/8","targetHints":{"allow":["GET"]}}],"collection":[{"href":"https:\/\/snudifo34.fr\/index.php\/wp-json\/wp\/v2\/pages"}],"about":[{"href":"https:\/\/snudifo34.fr\/index.php\/wp-json\/wp\/v2\/types\/page"}],"author":[{"embeddable":true,"href":"https:\/\/snudifo34.fr\/index.php\/wp-json\/wp\/v2\/users\/1"}],"replies":[{"embeddable":true,"href":"https:\/\/snudifo34.fr\/index.php\/wp-json\/wp\/v2\/comments?post=8"}],"version-history":[{"count":37,"href":"https:\/\/snudifo34.fr\/index.php\/wp-json\/wp\/v2\/pages\/8\/revisions"}],"predecessor-version":[{"id":2313,"href":"https:\/\/snudifo34.fr\/index.php\/wp-json\/wp\/v2\/pages\/8\/revisions\/2313"}],"wp:attachment":[{"href":"https:\/\/snudifo34.fr\/index.php\/wp-json\/wp\/v2\/media?parent=8"}],"curies":[{"name":"wp","href":"https:\/\/api.w.org\/{rel}","templated":true}]}}